{"id":42993,"date":"2023-10-09T14:41:34","date_gmt":"2023-10-09T12:41:34","guid":{"rendered":"https:\/\/sv.franoantik.com\/om-oss\/"},"modified":"2023-10-19T08:36:36","modified_gmt":"2023-10-19T06:36:36","slug":"om-oss","status":"publish","type":"page","link":"https:\/\/www.franoantik.com\/sv\/om-oss\/","title":{"rendered":"Om oss"},"content":{"rendered":"\t\t<div data-elementor-type=\"wp-page\" data-elementor-id=\"42993\" class=\"elementor elementor-42993\" data-elementor-post-type=\"page\">\n\t\t\t\t<div class=\"elementor-element elementor-element-1e52afd1 e-flex e-con-boxed e-con e-parent\" data-id=\"1e52afd1\" data-element_type=\"container\" data-e-type=\"container\">\n\t\t\t\t\t<div class=\"e-con-inner\">\n\t\t\t\t<div class=\"elementor-element elementor-element-74afa20d elementor-widget__width-initial elementor-widget elementor-widget-text-editor\" data-id=\"74afa20d\" data-element_type=\"widget\" data-e-type=\"widget\" data-widget_type=\"text-editor.default\">\n\t\t\t\t<div class=\"elementor-widget-container\">\n\t\t\t\t\t\t\t\t\t<p>Fr\u00e5n\u00f6 Antik \u00e4r en traditionell antikaff\u00e4r som bedriver handel med konst och antikviteter. Vi finns mitt i \u00c5ngermanland H\u00f6ga Kusten som \u00e4r del av UNESCO v\u00e4rldsarvet och bedriver v\u00e5r verksamhet i en gammal G\u00e4stgivarg\u00e5rd med kringbyggnader fr\u00e5n 1800-talets mitt.<\/p><p>F\u00f6retaget startades redan p\u00e5 1970-talet av mina f\u00f6r\u00e4ldrar men \u00e4gs och drivs sedan 1982 av mig Hans Stenberg. Redan fr\u00e5n starten f\u00f6r 30 \u00e5r sedan har antika m\u00f6bler varit ett personligt intresse f\u00f6r mig vilket ocks\u00e5 s\u00e4tter sin pr\u00e4gel p\u00e5 v\u00e5rt sortiment som best\u00e5r till stor del av m\u00f6bler fr\u00e5n alla tids epoker.<\/p><p>Vi \u00e4r en komplett antikhandel med en l\u00e5ng bransch erfarenhet och gedigen kompetens\u00a0 som jobbar inom alla omr\u00e5den ink\u00f6p, f\u00f6rs\u00e4ljning, v\u00e4rderingar, r\u00e5dgivning vid bodeldningar, arvskiften mm. Mer information hittar du under respektive rubrik.<\/p><p>Vi erbjuder dig ett varierat sortiment av personligt utvalda m\u00f6bler och inredningsf\u00f6rem\u00e5l fr\u00e5n 1700 till nutid. Vi utf\u00f6r renoveringar i v\u00e5r egen verkstad men vi har ocks\u00e5 ett stort sortiment av f\u00f6rem\u00e5l som s\u00e4ljes orenoverade. De publicerade f\u00f6rem\u00e5len \u00e4r bara en litet smakprov p\u00e5 v\u00e5rt sortiment, s\u00e5 om du s\u00f6ker n\u00e5got speciellt\u00a0 \u2013 Skicka oss en f\u00f6rfr\u00e5gan. det kan finnas i v\u00e5rt lager<\/p><p>Fr\u00e5n\u00f6 Antik, Skr\u00e4ddarv\u00e4gen 1, SE- 87232 KRAMFORS<\/p>\t\t\t\t\t\t\t\t<\/div>\n\t\t\t\t<\/div>\n\t\t\t\t<div class=\"elementor-element elementor-element-3afbff0f elementor-widget-tablet__width-initial elementor-widget elementor-widget-image\" data-id=\"3afbff0f\" data-element_type=\"widget\" data-e-type=\"widget\" data-widget_type=\"image.default\">\n\t\t\t\t<div class=\"elementor-widget-container\">\n\t\t\t\t\t\t\t\t\t\t\t\t\t\t\t<img fetchpriority=\"high\" decoding=\"async\" width=\"500\" height=\"749\" src=\"https:\/\/www.franoantik.com\/sv\/wp-content\/uploads\/sites\/3\/2016\/03\/DSC_1295.jpg\" class=\"attachment-large size-large wp-image-3602\" alt=\"Swedish antiques\" srcset=\"https:\/\/www.franoantik.com\/sv\/wp-content\/uploads\/sites\/3\/2016\/03\/DSC_1295.jpg 500w, https:\/\/www.franoantik.com\/sv\/wp-content\/uploads\/sites\/3\/2016\/03\/DSC_1295-360x540.jpg 360w\" sizes=\"(max-width: 500px) 100vw, 500px\" \/>\t\t\t\t\t\t\t\t\t\t\t\t\t\t\t<\/div>\n\t\t\t\t<\/div>\n\t\t\t\t\t<\/div>\n\t\t\t\t<\/div>\n\t\t\t\t<\/div>\n\t\t","protected":false},"excerpt":{"rendered":"<p>Fr\u00e5n\u00f6 Antik \u00e4r en traditionell antikaff\u00e4r som bedriver handel med konst och antikviteter. Vi finns mitt i \u00c5ngermanland H\u00f6ga Kusten som \u00e4r del av UNESCO v\u00e4rldsarvet och bedriver v\u00e5r verksamhet i en gammal G\u00e4stgivarg\u00e5rd med kringbyggnader fr\u00e5n 1800-talets mitt. F\u00f6retaget startades redan p\u00e5 1970-talet av mina f\u00f6r\u00e4ldrar men \u00e4gs och drivs sedan 1982 av mig [&hellip;]<\/p>\n","protected":false},"author":1,"featured_media":0,"parent":0,"menu_order":0,"comment_status":"closed","ping_status":"closed","template":"","meta":{"_acf_changed":false,"footnotes":""},"class_list":["post-42993","page","type-page","status-publish","hentry"],"acf":[],"yoast_head":"<!-- This site is optimized with the Yoast SEO plugin v27.4 - https:\/\/yoast.com\/product\/yoast-seo-wordpress\/ -->\n<title>Om oss - Fr\u00e5n\u00f6 Antik -sv<\/title>\n<meta name=\"robots\" content=\"index, follow, max-snippet:-1, max-image-preview:large, max-video-preview:-1\" \/>\n<link rel=\"canonical\" href=\"https:\/\/www.franoantik.com\/sv\/om-oss\/\" \/>\n<meta property=\"og:locale\" content=\"sv_SE\" \/>\n<meta property=\"og:type\" content=\"article\" \/>\n<meta property=\"og:title\" content=\"Om oss - Fr\u00e5n\u00f6 Antik -sv\" \/>\n<meta property=\"og:description\" content=\"Fr\u00e5n\u00f6 Antik \u00e4r en traditionell antikaff\u00e4r som bedriver handel med konst och antikviteter. Vi finns mitt i \u00c5ngermanland H\u00f6ga Kusten som \u00e4r del av UNESCO v\u00e4rldsarvet och bedriver v\u00e5r verksamhet i en gammal G\u00e4stgivarg\u00e5rd med kringbyggnader fr\u00e5n 1800-talets mitt. F\u00f6retaget startades redan p\u00e5 1970-talet av mina f\u00f6r\u00e4ldrar men \u00e4gs och drivs sedan 1982 av mig [&hellip;]\" \/>\n<meta property=\"og:url\" content=\"https:\/\/www.franoantik.com\/sv\/om-oss\/\" \/>\n<meta property=\"og:site_name\" content=\"Fr\u00e5n\u00f6 Antik -sv\" \/>\n<meta property=\"article:modified_time\" content=\"2023-10-19T06:36:36+00:00\" \/>\n<meta property=\"og:image\" content=\"https:\/\/sv.franoantik.com\/wp-content\/uploads\/sites\/3\/2016\/03\/DSC_1295.jpg\" \/>\n<meta name=\"twitter:card\" content=\"summary_large_image\" \/>\n<meta name=\"twitter:label1\" content=\"Ber\u00e4knad l\u00e4stid\" \/>\n\t<meta name=\"twitter:data1\" content=\"2 minuter\" \/>\n<script type=\"application\/ld+json\" class=\"yoast-schema-graph\">{\"@context\":\"https:\\\/\\\/schema.org\",\"@graph\":[{\"@type\":\"WebPage\",\"@id\":\"https:\\\/\\\/www.franoantik.com\\\/sv\\\/om-oss\\\/\",\"url\":\"https:\\\/\\\/www.franoantik.com\\\/sv\\\/om-oss\\\/\",\"name\":\"Om oss - Fr\u00e5n\u00f6 Antik -sv\",\"isPartOf\":{\"@id\":\"https:\\\/\\\/www.franoantik.com\\\/sv\\\/#website\"},\"primaryImageOfPage\":{\"@id\":\"https:\\\/\\\/www.franoantik.com\\\/sv\\\/om-oss\\\/#primaryimage\"},\"image\":{\"@id\":\"https:\\\/\\\/www.franoantik.com\\\/sv\\\/om-oss\\\/#primaryimage\"},\"thumbnailUrl\":\"https:\\\/\\\/sv.franoantik.com\\\/wp-content\\\/uploads\\\/sites\\\/3\\\/2016\\\/03\\\/DSC_1295.jpg\",\"datePublished\":\"2023-10-09T12:41:34+00:00\",\"dateModified\":\"2023-10-19T06:36:36+00:00\",\"breadcrumb\":{\"@id\":\"https:\\\/\\\/www.franoantik.com\\\/sv\\\/om-oss\\\/#breadcrumb\"},\"inLanguage\":\"sv-SE\",\"potentialAction\":[{\"@type\":\"ReadAction\",\"target\":[\"https:\\\/\\\/www.franoantik.com\\\/sv\\\/om-oss\\\/\"]}]},{\"@type\":\"ImageObject\",\"inLanguage\":\"sv-SE\",\"@id\":\"https:\\\/\\\/www.franoantik.com\\\/sv\\\/om-oss\\\/#primaryimage\",\"url\":\"https:\\\/\\\/sv.franoantik.com\\\/wp-content\\\/uploads\\\/sites\\\/3\\\/2016\\\/03\\\/DSC_1295.jpg\",\"contentUrl\":\"https:\\\/\\\/sv.franoantik.com\\\/wp-content\\\/uploads\\\/sites\\\/3\\\/2016\\\/03\\\/DSC_1295.jpg\"},{\"@type\":\"BreadcrumbList\",\"@id\":\"https:\\\/\\\/www.franoantik.com\\\/sv\\\/om-oss\\\/#breadcrumb\",\"itemListElement\":[{\"@type\":\"ListItem\",\"position\":1,\"name\":\"Home\",\"item\":\"https:\\\/\\\/www.franoantik.com\\\/sv\\\/\"},{\"@type\":\"ListItem\",\"position\":2,\"name\":\"Om oss\"}]},{\"@type\":\"WebSite\",\"@id\":\"https:\\\/\\\/www.franoantik.com\\\/sv\\\/#website\",\"url\":\"https:\\\/\\\/www.franoantik.com\\\/sv\\\/\",\"name\":\"Fr\u00e5n\u00f6 Antik -sv\",\"description\":\"\",\"publisher\":{\"@id\":\"https:\\\/\\\/www.franoantik.com\\\/sv\\\/#organization\"},\"potentialAction\":[{\"@type\":\"SearchAction\",\"target\":{\"@type\":\"EntryPoint\",\"urlTemplate\":\"https:\\\/\\\/www.franoantik.com\\\/sv\\\/?s={search_term_string}\"},\"query-input\":{\"@type\":\"PropertyValueSpecification\",\"valueRequired\":true,\"valueName\":\"search_term_string\"}}],\"inLanguage\":\"sv-SE\"},{\"@type\":\"Organization\",\"@id\":\"https:\\\/\\\/www.franoantik.com\\\/sv\\\/#organization\",\"name\":\"Fr\u00e5n\u00f6 Antik -sv\",\"url\":\"https:\\\/\\\/www.franoantik.com\\\/sv\\\/\",\"logo\":{\"@type\":\"ImageObject\",\"inLanguage\":\"sv-SE\",\"@id\":\"https:\\\/\\\/www.franoantik.com\\\/sv\\\/#\\\/schema\\\/logo\\\/image\\\/\",\"url\":\"https:\\\/\\\/www.franoantik.com\\\/sv\\\/wp-content\\\/uploads\\\/sites\\\/3\\\/2023\\\/10\\\/Logo.png\",\"contentUrl\":\"https:\\\/\\\/www.franoantik.com\\\/sv\\\/wp-content\\\/uploads\\\/sites\\\/3\\\/2023\\\/10\\\/Logo.png\",\"width\":500,\"height\":500,\"caption\":\"Fr\u00e5n\u00f6 Antik -sv\"},\"image\":{\"@id\":\"https:\\\/\\\/www.franoantik.com\\\/sv\\\/#\\\/schema\\\/logo\\\/image\\\/\"}}]}<\/script>\n<!-- \/ Yoast SEO plugin. -->","yoast_head_json":{"title":"Om oss - Fr\u00e5n\u00f6 Antik -sv","robots":{"index":"index","follow":"follow","max-snippet":"max-snippet:-1","max-image-preview":"max-image-preview:large","max-video-preview":"max-video-preview:-1"},"canonical":"https:\/\/www.franoantik.com\/sv\/om-oss\/","og_locale":"sv_SE","og_type":"article","og_title":"Om oss - Fr\u00e5n\u00f6 Antik -sv","og_description":"Fr\u00e5n\u00f6 Antik \u00e4r en traditionell antikaff\u00e4r som bedriver handel med konst och antikviteter. Vi finns mitt i \u00c5ngermanland H\u00f6ga Kusten som \u00e4r del av UNESCO v\u00e4rldsarvet och bedriver v\u00e5r verksamhet i en gammal G\u00e4stgivarg\u00e5rd med kringbyggnader fr\u00e5n 1800-talets mitt. F\u00f6retaget startades redan p\u00e5 1970-talet av mina f\u00f6r\u00e4ldrar men \u00e4gs och drivs sedan 1982 av mig [&hellip;]","og_url":"https:\/\/www.franoantik.com\/sv\/om-oss\/","og_site_name":"Fr\u00e5n\u00f6 Antik -sv","article_modified_time":"2023-10-19T06:36:36+00:00","og_image":[{"url":"https:\/\/sv.franoantik.com\/wp-content\/uploads\/sites\/3\/2016\/03\/DSC_1295.jpg","type":"","width":"","height":""}],"twitter_card":"summary_large_image","twitter_misc":{"Ber\u00e4knad l\u00e4stid":"2 minuter"},"schema":{"@context":"https:\/\/schema.org","@graph":[{"@type":"WebPage","@id":"https:\/\/www.franoantik.com\/sv\/om-oss\/","url":"https:\/\/www.franoantik.com\/sv\/om-oss\/","name":"Om oss - Fr\u00e5n\u00f6 Antik -sv","isPartOf":{"@id":"https:\/\/www.franoantik.com\/sv\/#website"},"primaryImageOfPage":{"@id":"https:\/\/www.franoantik.com\/sv\/om-oss\/#primaryimage"},"image":{"@id":"https:\/\/www.franoantik.com\/sv\/om-oss\/#primaryimage"},"thumbnailUrl":"https:\/\/sv.franoantik.com\/wp-content\/uploads\/sites\/3\/2016\/03\/DSC_1295.jpg","datePublished":"2023-10-09T12:41:34+00:00","dateModified":"2023-10-19T06:36:36+00:00","breadcrumb":{"@id":"https:\/\/www.franoantik.com\/sv\/om-oss\/#breadcrumb"},"inLanguage":"sv-SE","potentialAction":[{"@type":"ReadAction","target":["https:\/\/www.franoantik.com\/sv\/om-oss\/"]}]},{"@type":"ImageObject","inLanguage":"sv-SE","@id":"https:\/\/www.franoantik.com\/sv\/om-oss\/#primaryimage","url":"https:\/\/sv.franoantik.com\/wp-content\/uploads\/sites\/3\/2016\/03\/DSC_1295.jpg","contentUrl":"https:\/\/sv.franoantik.com\/wp-content\/uploads\/sites\/3\/2016\/03\/DSC_1295.jpg"},{"@type":"BreadcrumbList","@id":"https:\/\/www.franoantik.com\/sv\/om-oss\/#breadcrumb","itemListElement":[{"@type":"ListItem","position":1,"name":"Home","item":"https:\/\/www.franoantik.com\/sv\/"},{"@type":"ListItem","position":2,"name":"Om oss"}]},{"@type":"WebSite","@id":"https:\/\/www.franoantik.com\/sv\/#website","url":"https:\/\/www.franoantik.com\/sv\/","name":"Fr\u00e5n\u00f6 Antik -sv","description":"","publisher":{"@id":"https:\/\/www.franoantik.com\/sv\/#organization"},"potentialAction":[{"@type":"SearchAction","target":{"@type":"EntryPoint","urlTemplate":"https:\/\/www.franoantik.com\/sv\/?s={search_term_string}"},"query-input":{"@type":"PropertyValueSpecification","valueRequired":true,"valueName":"search_term_string"}}],"inLanguage":"sv-SE"},{"@type":"Organization","@id":"https:\/\/www.franoantik.com\/sv\/#organization","name":"Fr\u00e5n\u00f6 Antik -sv","url":"https:\/\/www.franoantik.com\/sv\/","logo":{"@type":"ImageObject","inLanguage":"sv-SE","@id":"https:\/\/www.franoantik.com\/sv\/#\/schema\/logo\/image\/","url":"https:\/\/www.franoantik.com\/sv\/wp-content\/uploads\/sites\/3\/2023\/10\/Logo.png","contentUrl":"https:\/\/www.franoantik.com\/sv\/wp-content\/uploads\/sites\/3\/2023\/10\/Logo.png","width":500,"height":500,"caption":"Fr\u00e5n\u00f6 Antik -sv"},"image":{"@id":"https:\/\/www.franoantik.com\/sv\/#\/schema\/logo\/image\/"}}]}},"_links":{"self":[{"href":"https:\/\/www.franoantik.com\/sv\/wp-json\/wp\/v2\/pages\/42993","targetHints":{"allow":["GET"]}}],"collection":[{"href":"https:\/\/www.franoantik.com\/sv\/wp-json\/wp\/v2\/pages"}],"about":[{"href":"https:\/\/www.franoantik.com\/sv\/wp-json\/wp\/v2\/types\/page"}],"author":[{"embeddable":true,"href":"https:\/\/www.franoantik.com\/sv\/wp-json\/wp\/v2\/users\/1"}],"replies":[{"embeddable":true,"href":"https:\/\/www.franoantik.com\/sv\/wp-json\/wp\/v2\/comments?post=42993"}],"version-history":[{"count":13,"href":"https:\/\/www.franoantik.com\/sv\/wp-json\/wp\/v2\/pages\/42993\/revisions"}],"predecessor-version":[{"id":44639,"href":"https:\/\/www.franoantik.com\/sv\/wp-json\/wp\/v2\/pages\/42993\/revisions\/44639"}],"wp:attachment":[{"href":"https:\/\/www.franoantik.com\/sv\/wp-json\/wp\/v2\/media?parent=42993"}],"curies":[{"name":"wp","href":"https:\/\/api.w.org\/{rel}","templated":true}]}}