{"id":42996,"date":"2023-10-09T14:41:34","date_gmt":"2023-10-09T12:41:34","guid":{"rendered":"https:\/\/sv.franoantik.com\/vi-koper\/"},"modified":"2023-10-09T15:45:50","modified_gmt":"2023-10-09T13:45:50","slug":"vi-koper","status":"publish","type":"page","link":"https:\/\/www.franoantik.com\/sv\/vi-koper\/","title":{"rendered":"Vi k\u00f6per"},"content":{"rendered":"\t\t<div data-elementor-type=\"wp-page\" data-elementor-id=\"42996\" class=\"elementor elementor-42996\" data-elementor-post-type=\"page\">\n\t\t\t\t<div class=\"elementor-element elementor-element-4b5657e5 e-flex e-con-boxed e-con e-parent\" data-id=\"4b5657e5\" data-element_type=\"container\" data-e-type=\"container\">\n\t\t\t\t\t<div class=\"e-con-inner\">\n\t\t\t\t<div class=\"elementor-element elementor-element-5618facf elementor-widget__width-initial elementor-widget elementor-widget-image\" data-id=\"5618facf\" data-element_type=\"widget\" data-e-type=\"widget\" data-widget_type=\"image.default\">\n\t\t\t\t<div class=\"elementor-widget-container\">\n\t\t\t\t\t\t\t\t\t\t\t\t\t\t\t<img fetchpriority=\"high\" decoding=\"async\" width=\"768\" height=\"512\" src=\"https:\/\/www.franoantik.com\/sv\/wp-content\/uploads\/sites\/3\/2020\/06\/2-4212-768x512.jpg\" class=\"attachment-medium_large size-medium_large wp-image-21875\" alt=\"\" srcset=\"https:\/\/www.franoantik.com\/sv\/wp-content\/uploads\/sites\/3\/2020\/06\/2-4212-768x512.jpg 768w, https:\/\/www.franoantik.com\/sv\/wp-content\/uploads\/sites\/3\/2020\/06\/2-4212-250x167.jpg 250w, https:\/\/www.franoantik.com\/sv\/wp-content\/uploads\/sites\/3\/2020\/06\/2-4212-800x533.jpg 800w, https:\/\/www.franoantik.com\/sv\/wp-content\/uploads\/sites\/3\/2020\/06\/2-4212.jpg 1080w\" sizes=\"(max-width: 768px) 100vw, 768px\" \/>\t\t\t\t\t\t\t\t\t\t\t\t\t\t\t<\/div>\n\t\t\t\t<\/div>\n\t\t<div class=\"elementor-element elementor-element-64c9ebaf e-con-full e-flex e-con e-child\" data-id=\"64c9ebaf\" data-element_type=\"container\" data-e-type=\"container\">\n\t\t\t\t<div class=\"elementor-element elementor-element-4bd648a0 elementor-widget elementor-widget-heading\" data-id=\"4bd648a0\" data-element_type=\"widget\" data-e-type=\"widget\" data-widget_type=\"heading.default\">\n\t\t\t\t<div class=\"elementor-widget-container\">\n\t\t\t\t\t<h2 class=\"elementor-heading-title elementor-size-default\">Vi K\u00f6per Dina Antikviteter<\/h2>\t\t\t\t<\/div>\n\t\t\t\t<\/div>\n\t\t\t\t<div class=\"elementor-element elementor-element-240cedc4 elementor-widget elementor-widget-text-editor\" data-id=\"240cedc4\" data-element_type=\"widget\" data-e-type=\"widget\" data-widget_type=\"text-editor.default\">\n\t\t\t\t<div class=\"elementor-widget-container\">\n\t\t\t\t\t\t\t\t\t<p>H\u00e4r f\u00f6ljer en kort beskrivning p\u00e5 vilka f\u00f6rem\u00e5l vi efters\u00f6ker och \u00f6nskar k\u00f6pa till v\u00e5r verksamhet samt lite om hur det fungerar.<span class=\"Apple-converted-space\">\u00a0<\/span><\/p><p>Har du n\u00e5got att s\u00e4lja?<span class=\"Apple-converted-space\">\u00a0<\/span><\/p><p>Tveka inte skicka ett mail eller sms inneh\u00e5llande bild p\u00e5<br \/>f\u00f6rem\u00e5let s\u00e5 svarar vi ofta samma dag.<\/p>\t\t\t\t\t\t\t\t<\/div>\n\t\t\t\t<\/div>\n\t\t\t\t<\/div>\n\t\t\t\t\t<\/div>\n\t\t\t\t<\/div>\n\t\t<div class=\"elementor-element elementor-element-5ce28f48 e-flex e-con-boxed e-con e-parent\" data-id=\"5ce28f48\" data-element_type=\"container\" data-e-type=\"container\">\n\t\t\t\t\t<div class=\"e-con-inner\">\n\t\t<div class=\"elementor-element elementor-element-4dbab8e5 e-flex e-con-boxed e-con e-child\" data-id=\"4dbab8e5\" data-element_type=\"container\" data-e-type=\"container\">\n\t\t\t\t\t<div class=\"e-con-inner\">\n\t\t\t\t<div class=\"elementor-element elementor-element-6a328bd6 elementor-widget elementor-widget-heading\" data-id=\"6a328bd6\" data-element_type=\"widget\" data-e-type=\"widget\" data-widget_type=\"heading.default\">\n\t\t\t\t<div class=\"elementor-widget-container\">\n\t\t\t\t\t<h2 class=\"elementor-heading-title elementor-size-default\">Antika M\u00f6bler fr\u00e5n 1700 och 1800 tal<\/h2>\t\t\t\t<\/div>\n\t\t\t\t<\/div>\n\t\t\t\t<div class=\"elementor-element elementor-element-4b6720cd elementor-widget elementor-widget-text-editor\" data-id=\"4b6720cd\" data-element_type=\"widget\" data-e-type=\"widget\" data-widget_type=\"text-editor.default\">\n\t\t\t\t<div class=\"elementor-widget-container\">\n\t\t\t\t\t\t\t\t\t<p>Vi \u00e4r intresserade av alla typer av gamla eller antika m\u00f6bler \u2013 fr\u00e5n sm\u00e5 bord till stora sk\u00e5p. \u00c4ven andra antikviteter och<br \/>designf\u00f6rem\u00e5l s\u00e5 som porslin, lampor och dekorativa objekt \u00e4r av intresse. Likas\u00e5 om f\u00f6rem\u00e5let har mindre defekter eller skador som \u00e4r m\u00f6jliga att renovera \u00e4r detta intressant f\u00f6r oss. Ytterligare en varugrupp vi efters\u00f6ker \u00e4r moraklockor och golvur.<\/p>\t\t\t\t\t\t\t\t<\/div>\n\t\t\t\t<\/div>\n\t\t\t\t<div class=\"elementor-element elementor-element-1a3f7a0b elementor-widget elementor-widget-heading\" data-id=\"1a3f7a0b\" data-element_type=\"widget\" data-e-type=\"widget\" data-widget_type=\"heading.default\">\n\t\t\t\t<div class=\"elementor-widget-container\">\n\t\t\t\t\t<h2 class=\"elementor-heading-title elementor-size-default\">Vintage och Retro M\u00f6bler<\/h2>\t\t\t\t<\/div>\n\t\t\t\t<\/div>\n\t\t\t\t<div class=\"elementor-element elementor-element-74c722d3 elementor-widget elementor-widget-text-editor\" data-id=\"74c722d3\" data-element_type=\"widget\" data-e-type=\"widget\" data-widget_type=\"text-editor.default\">\n\t\t\t\t<div class=\"elementor-widget-container\">\n\t\t\t\t\t\t\t\t\t<p>F\u00f6rutom antika m\u00f6bler k\u00f6per vi \u00e4ven retro och vintage fr\u00e5n<br \/>1900 talet fr\u00e5n namnkunniga designers och f\u00f6retag.<br \/>Alster av exempelvis Bruno Mattson, Carl Malmsten och Kerstin H\u00f6rlin-Holmquist \u00e4r av instresse samt 1900-tals<br \/>m\u00f6bler fr\u00e5n IKEA. Stolar och soffor med n\u00f6tt textil eller sliten stoppning g\u00e5r ofta att renovera vilket g\u00f6r att \u00e4ven dessa \u00e4r av intresse f\u00f6r oss.<\/p>\t\t\t\t\t\t\t\t<\/div>\n\t\t\t\t<\/div>\n\t\t\t\t\t<\/div>\n\t\t\t\t<\/div>\n\t\t\t\t<div class=\"elementor-element elementor-element-44b7e9b0 elementor-widget__width-initial elementor-widget elementor-widget-image\" data-id=\"44b7e9b0\" data-element_type=\"widget\" data-e-type=\"widget\" data-widget_type=\"image.default\">\n\t\t\t\t<div class=\"elementor-widget-container\">\n\t\t\t\t\t\t\t\t\t\t\t\t\t\t\t<img decoding=\"async\" src=\"https:\/\/www.franoantik.com\/sv\/wp-content\/uploads\/sites\/3\/2020\/07\/4-4722.jpg\" title=\"4-4722\" alt=\"4-4722\" loading=\"lazy\" \/>\t\t\t\t\t\t\t\t\t\t\t\t\t\t\t<\/div>\n\t\t\t\t<\/div>\n\t\t\t\t\t<\/div>\n\t\t\t\t<\/div>\n\t\t<div class=\"elementor-element elementor-element-5fd35cd1 e-flex e-con-boxed e-con e-parent\" data-id=\"5fd35cd1\" data-element_type=\"container\" data-e-type=\"container\">\n\t\t\t\t\t<div class=\"e-con-inner\">\n\t\t\t\t<div class=\"elementor-element elementor-element-4e4c599d elementor-widget__width-initial elementor-widget elementor-widget-image\" data-id=\"4e4c599d\" data-element_type=\"widget\" data-e-type=\"widget\" data-widget_type=\"image.default\">\n\t\t\t\t<div class=\"elementor-widget-container\">\n\t\t\t\t\t\t\t\t\t\t\t\t\t\t\t<img decoding=\"async\" width=\"768\" height=\"512\" src=\"https:\/\/www.franoantik.com\/sv\/wp-content\/uploads\/sites\/3\/2020\/07\/2-4668-768x512.jpg\" class=\"attachment-medium_large size-medium_large wp-image-22351\" alt=\"Clam chair &#039;\u00c5ke&#039; by IKEA, Sweden. The model of chair otherwise known as Muslingestol is sleek with rounded edges and timeless design.\" srcset=\"https:\/\/www.franoantik.com\/sv\/wp-content\/uploads\/sites\/3\/2020\/07\/2-4668-768x512.jpg 768w, https:\/\/www.franoantik.com\/sv\/wp-content\/uploads\/sites\/3\/2020\/07\/2-4668-250x167.jpg 250w, https:\/\/www.franoantik.com\/sv\/wp-content\/uploads\/sites\/3\/2020\/07\/2-4668-800x533.jpg 800w, https:\/\/www.franoantik.com\/sv\/wp-content\/uploads\/sites\/3\/2020\/07\/2-4668.jpg 1080w\" sizes=\"(max-width: 768px) 100vw, 768px\" \/>\t\t\t\t\t\t\t\t\t\t\t\t\t\t\t<\/div>\n\t\t\t\t<\/div>\n\t\t<div class=\"elementor-element elementor-element-4e4704f e-flex e-con-boxed e-con e-child\" data-id=\"4e4704f\" data-element_type=\"container\" data-e-type=\"container\">\n\t\t\t\t\t<div class=\"e-con-inner\">\n\t\t\t\t<div class=\"elementor-element elementor-element-355059b5 elementor-widget elementor-widget-heading\" data-id=\"355059b5\" data-element_type=\"widget\" data-e-type=\"widget\" data-widget_type=\"heading.default\">\n\t\t\t\t<div class=\"elementor-widget-container\">\n\t\t\t\t\t<h2 class=\"elementor-heading-title elementor-size-default\">Hur g\u00f6r man d\u00e5 f\u00f6r att s\u00e4lja till oss?<\/h2>\t\t\t\t<\/div>\n\t\t\t\t<\/div>\n\t\t\t\t<div class=\"elementor-element elementor-element-6a10ee74 elementor-widget elementor-widget-text-editor\" data-id=\"6a10ee74\" data-element_type=\"widget\" data-e-type=\"widget\" data-widget_type=\"text-editor.default\">\n\t\t\t\t<div class=\"elementor-widget-container\">\n\t\t\t\t\t\t\t\t\t<p>F\u00f6r ett prelimin\u00e4rt ink\u00f6pspris p\u00e5 enstaka objekt g\u00e5r det bra att skicka foton via mail eller direkt via sms<span class=\"Apple-converted-space\">\u00a0<\/span><\/p><p>Telefon: \u00a0<a href=\"tel:070 \u2013 595 00 89\">070 \u2013 595 00 89<\/a><br \/>Mail:\u00a0<a href=\"mailto:info@franoantik.com\">info@franoantik.com<\/a><\/p><p>V\u00e4lkommen med din f\u00f6rfr\u00e5gan \u2013 alltid fri v\u00e4rdering<\/p>\t\t\t\t\t\t\t\t<\/div>\n\t\t\t\t<\/div>\n\t\t\t\t\t<\/div>\n\t\t\t\t<\/div>\n\t\t\t\t\t<\/div>\n\t\t\t\t<\/div>\n\t\t<div class=\"elementor-element elementor-element-73ba7c2c e-flex e-con-boxed e-con e-parent\" data-id=\"73ba7c2c\" data-element_type=\"container\" data-e-type=\"container\">\n\t\t\t\t\t<div class=\"e-con-inner\">\n\t\t<div class=\"elementor-element elementor-element-3685ef17 e-flex e-con-boxed e-con e-child\" data-id=\"3685ef17\" data-element_type=\"container\" data-e-type=\"container\">\n\t\t\t\t\t<div class=\"e-con-inner\">\n\t\t\t\t<div class=\"elementor-element elementor-element-ddffc76 elementor-widget elementor-widget-heading\" data-id=\"ddffc76\" data-element_type=\"widget\" data-e-type=\"widget\" data-widget_type=\"heading.default\">\n\t\t\t\t<div class=\"elementor-widget-container\">\n\t\t\t\t\t<h2 class=\"elementor-heading-title elementor-size-default\">S\u00e4lja p\u00e5 Auktion\u00a0\u00a0vs\u00a0\u00a0Antikhandeln<\/h2>\t\t\t\t<\/div>\n\t\t\t\t<\/div>\n\t\t\t\t<div class=\"elementor-element elementor-element-3d35d33c elementor-widget elementor-widget-text-editor\" data-id=\"3d35d33c\" data-element_type=\"widget\" data-e-type=\"widget\" data-widget_type=\"text-editor.default\">\n\t\t\t\t<div class=\"elementor-widget-container\">\n\t\t\t\t\t\t\t\t\t<p>Att l\u00e4mna gods p\u00e5 auktion kan vara ett bra s\u00e4tt att \u00f6ka chansen att s\u00e4lja ditt f\u00f6rem\u00e5l till marknadspris men t\u00e4nk p\u00e5 att du som s\u00e4ljare endast f\u00e5r beh\u00e5lla 50-55 % av f\u00f6rem\u00e5lets totala f\u00f6rs\u00e4ljningspris.<\/p>\t\t\t\t\t\t\t\t<\/div>\n\t\t\t\t<\/div>\n\t\t\t\t<div class=\"elementor-element elementor-element-90717b1 elementor-widget elementor-widget-heading\" data-id=\"90717b1\" data-element_type=\"widget\" data-e-type=\"widget\" data-widget_type=\"heading.default\">\n\t\t\t\t<div class=\"elementor-widget-container\">\n\t\t\t\t\t<h2 class=\"elementor-heading-title elementor-size-default\">Hur kommer det sig?\u00a0\u00a0<\/h2>\t\t\t\t<\/div>\n\t\t\t\t<\/div>\n\t\t\t\t<div class=\"elementor-element elementor-element-3f8e63c7 elementor-widget elementor-widget-text-editor\" data-id=\"3f8e63c7\" data-element_type=\"widget\" data-e-type=\"widget\" data-widget_type=\"text-editor.default\">\n\t\t\t\t<div class=\"elementor-widget-container\">\n\t\t\t\t\t\t\t\t\t<p>Auktionshus tar en s\u00e4ljprovision av dig som s\u00e4ljare f\u00f6r att s\u00e4lja ditt f\u00f6rem\u00e5l. Detta kan variera mellan auktionshus men generellt \u00e4r en s\u00e4ljprovision mellan 18 och 22% av f\u00f6rs\u00e4ljningspriset. Vidare tillkommer det diverse andra avgifter s\u00e5 som f\u00f6rs\u00e4kring, foto och slagavgift.<\/p><p>Men \u00e4ven k\u00f6paren av ditt f\u00f6rem\u00e5let betalar en k\u00f6pprovision till auktionshuset om cirka 25 % som sedan adderas till<br \/>f\u00f6rs\u00e4ljningspriset. Detta p\u00e5verkar inte dig som s\u00e4ljare men det \u00e4r bra att vara medveten om att av den totala summan k\u00f6paren betalar f\u00f6r ditt f\u00f6rem\u00e5l f\u00e5r du som s\u00e4ljare beh\u00e5lla uppskattningsvis h\u00e4lften. Resten g\u00e5r till auktionshuset. Vanligen kan det ta mellan 3 till 6 veckor att f\u00e5 pengarna utbetalade till ditt konto, det kan variera mellan de olika auktionshusen.<\/p><p>F\u00f6redelarna med att s\u00e4lja direkt till en antikhandel \u00e4r att du f\u00e5r ett fast pris och betalningen sker direkt och utan extra avgifter eller provisioner. Akt\u00f6rer inom antikhandeln \u00e4r ocks\u00e5 stora k\u00f6pare hos auktionshusen, framf\u00f6rallt p\u00e5 kvalitetsobjekten.<\/p>\t\t\t\t\t\t\t\t<\/div>\n\t\t\t\t<\/div>\n\t\t\t\t\t<\/div>\n\t\t\t\t<\/div>\n\t\t\t\t<div class=\"elementor-element elementor-element-162f1767 elementor-widget__width-initial elementor-widget elementor-widget-image\" data-id=\"162f1767\" data-element_type=\"widget\" data-e-type=\"widget\" data-widget_type=\"image.default\">\n\t\t\t\t<div class=\"elementor-widget-container\">\n\t\t\t\t\t\t\t\t\t\t\t\t\t\t\t<img decoding=\"async\" src=\"https:\/\/www.franoantik.com\/sv\/wp-content\/uploads\/sites\/3\/2020\/02\/1-1704-Redigera.jpg\" title=\"Rare gustavian cabinet from H\u00e4lsingland dated 1816. Likely made by master carpenter Olof Brink Alfa. Dry scarped to original paint.\" alt=\"Rare gustavian cabinet from H\u00e4lsingland dated 1816. Likely made by master carpenter Olof Brink Alfa. Dry scarped to original paint.\" loading=\"lazy\" \/>\t\t\t\t\t\t\t\t\t\t\t\t\t\t\t<\/div>\n\t\t\t\t<\/div>\n\t\t\t\t\t<\/div>\n\t\t\t\t<\/div>\n\t\t<div class=\"elementor-element elementor-element-212e39aa e-flex e-con-boxed e-con e-parent\" data-id=\"212e39aa\" data-element_type=\"container\" data-e-type=\"container\">\n\t\t\t\t\t<div class=\"e-con-inner\">\n\t\t\t\t<div class=\"elementor-element elementor-element-1412710a elementor-widget__width-initial elementor-widget elementor-widget-image\" data-id=\"1412710a\" data-element_type=\"widget\" data-e-type=\"widget\" data-widget_type=\"image.default\">\n\t\t\t\t<div class=\"elementor-widget-container\">\n\t\t\t\t\t\t\t\t\t\t\t\t\t\t\t<img decoding=\"async\" width=\"768\" height=\"511\" src=\"https:\/\/www.franoantik.com\/sv\/wp-content\/uploads\/sites\/3\/2020\/03\/3-2655-e1607175273959-768x511.jpg\" class=\"attachment-medium_large size-medium_large wp-image-19978\" alt=\"Rare gustavian sofa from northern Sweden. Made around 1790. Dry scarped to the original blue paint. Goof patina. Straight model with a curved back\" srcset=\"https:\/\/www.franoantik.com\/sv\/wp-content\/uploads\/sites\/3\/2020\/03\/3-2655-e1607175273959-768x511.jpg 768w, https:\/\/www.franoantik.com\/sv\/wp-content\/uploads\/sites\/3\/2020\/03\/3-2655-e1607175273959-250x166.jpg 250w, https:\/\/www.franoantik.com\/sv\/wp-content\/uploads\/sites\/3\/2020\/03\/3-2655-e1607175273959-800x533.jpg 800w, https:\/\/www.franoantik.com\/sv\/wp-content\/uploads\/sites\/3\/2020\/03\/3-2655-e1607175273959-540x359.jpg 540w, https:\/\/www.franoantik.com\/sv\/wp-content\/uploads\/sites\/3\/2020\/03\/3-2655-e1607175273959.jpg 969w\" sizes=\"(max-width: 768px) 100vw, 768px\" \/>\t\t\t\t\t\t\t\t\t\t\t\t\t\t\t<\/div>\n\t\t\t\t<\/div>\n\t\t<div class=\"elementor-element elementor-element-aeef2c5 e-flex e-con-boxed e-con e-child\" data-id=\"aeef2c5\" data-element_type=\"container\" data-e-type=\"container\">\n\t\t\t\t\t<div class=\"e-con-inner\">\n\t\t\t\t<div class=\"elementor-element elementor-element-6395b9ac elementor-widget elementor-widget-heading\" data-id=\"6395b9ac\" data-element_type=\"widget\" data-e-type=\"widget\" data-widget_type=\"heading.default\">\n\t\t\t\t<div class=\"elementor-widget-container\">\n\t\t\t\t\t<h2 class=\"elementor-heading-title elementor-size-default\">N\u00e5gra ord om v\u00e4rderingar<\/h2>\t\t\t\t<\/div>\n\t\t\t\t<\/div>\n\t\t\t\t<div class=\"elementor-element elementor-element-2641cd1 elementor-widget elementor-widget-text-editor\" data-id=\"2641cd1\" data-element_type=\"widget\" data-e-type=\"widget\" data-widget_type=\"text-editor.default\">\n\t\t\t\t<div class=\"elementor-widget-container\">\n\t\t\t\t\t\t\t\t\t<p>Vid avyttring av l\u00f6s\u00f6re \u00e4r det en l\u00f6nsam investering att l\u00e5ta en sakkunnig utf\u00f6ra en v\u00e4rdering av dina f\u00f6rem\u00e5l. Tyv\u00e4rr<br \/>f\u00f6rkommer det att f\u00f6rem\u00e5l av betydande v\u00e4rde hamnar i<br \/>sopcontainern eller s\u00e4ljs av f\u00f6r en br\u00e5kdel av det faktiska<br \/>v\u00e4rdet.<\/p><p>Vi utf\u00f6r v\u00e4rderingar av alla typer av f\u00f6rem\u00e5l som finns i hemmet, exempelvis m\u00f6bler, glas, porslin och konst. Uppskattningarna grundas p\u00e5 mer \u00e4n 30 \u00e5rs erfarenhet av handel och v\u00e4rderingar av antikviteter och l\u00f6s\u00f6re.<\/p>\t\t\t\t\t\t\t\t<\/div>\n\t\t\t\t<\/div>\n\t\t\t\t\t<\/div>\n\t\t\t\t<\/div>\n\t\t\t\t\t<\/div>\n\t\t\t\t<\/div>\n\t\t<div class=\"elementor-element elementor-element-1ac04542 e-flex e-con-boxed e-con e-parent\" data-id=\"1ac04542\" data-element_type=\"container\" data-e-type=\"container\">\n\t\t\t\t\t<div class=\"e-con-inner\">\n\t\t<div class=\"elementor-element elementor-element-5b0d33dd e-flex e-con-boxed e-con e-child\" data-id=\"5b0d33dd\" data-element_type=\"container\" data-e-type=\"container\">\n\t\t\t\t\t<div class=\"e-con-inner\">\n\t\t\t\t<div class=\"elementor-element elementor-element-452ae1a2 elementor-widget elementor-widget-heading\" data-id=\"452ae1a2\" data-element_type=\"widget\" data-e-type=\"widget\" data-widget_type=\"heading.default\">\n\t\t\t\t<div class=\"elementor-widget-container\">\n\t\t\t\t\t<h2 class=\"elementor-heading-title elementor-size-default\">Hur g\u00f6r man?<\/h2>\t\t\t\t<\/div>\n\t\t\t\t<\/div>\n\t\t\t\t<div class=\"elementor-element elementor-element-7ce3b572 elementor-widget elementor-widget-text-editor\" data-id=\"7ce3b572\" data-element_type=\"widget\" data-e-type=\"widget\" data-widget_type=\"text-editor.default\">\n\t\t\t\t<div class=\"elementor-widget-container\">\n\t\t\t\t\t\t\t\t\t<p>Anv\u00e4nd kontaktformul\u00e4ret p\u00e5 v\u00e5r hemsida och s\u00e4nd ett email. Utifr\u00e5n ditt fotografi och beskrivning kan vi g\u00f6ra en prelimin\u00e4r bed\u00f6mning helt utan kostnad. \u00c4r ditt f\u00f6rem\u00e5l av intresse f\u00f6r oss erbjuder vi ett pris och skulle du acceptera detta g\u00f6r vi aff\u00e4r. Vi betalar godset omg\u00e5ende och vi ordnar med h\u00e4mtning och frakt.<\/p>\t\t\t\t\t\t\t\t<\/div>\n\t\t\t\t<\/div>\n\t\t\t\t\t<\/div>\n\t\t\t\t<\/div>\n\t\t\t\t<div class=\"elementor-element elementor-element-63e625e5 elementor-widget__width-initial elementor-widget elementor-widget-image\" data-id=\"63e625e5\" data-element_type=\"widget\" data-e-type=\"widget\" data-widget_type=\"image.default\">\n\t\t\t\t<div class=\"elementor-widget-container\">\n\t\t\t\t\t\t\t\t\t\t\t\t\t\t\t<img loading=\"lazy\" decoding=\"async\" width=\"768\" height=\"512\" src=\"https:\/\/www.franoantik.com\/sv\/wp-content\/uploads\/sites\/3\/2020\/09\/5-5378-768x512.jpg\" class=\"attachment-medium_large size-medium_large wp-image-23362\" alt=\"\" srcset=\"https:\/\/www.franoantik.com\/sv\/wp-content\/uploads\/sites\/3\/2020\/09\/5-5378-768x512.jpg 768w, https:\/\/www.franoantik.com\/sv\/wp-content\/uploads\/sites\/3\/2020\/09\/5-5378-250x167.jpg 250w, https:\/\/www.franoantik.com\/sv\/wp-content\/uploads\/sites\/3\/2020\/09\/5-5378-1080x720.jpg 1080w, https:\/\/www.franoantik.com\/sv\/wp-content\/uploads\/sites\/3\/2020\/09\/5-5378-540x360.jpg 540w, https:\/\/www.franoantik.com\/sv\/wp-content\/uploads\/sites\/3\/2020\/09\/5-5378-800x533.jpg 800w, https:\/\/www.franoantik.com\/sv\/wp-content\/uploads\/sites\/3\/2020\/09\/5-5378.jpg 1536w\" sizes=\"(max-width: 768px) 100vw, 768px\" \/>\t\t\t\t\t\t\t\t\t\t\t\t\t\t\t<\/div>\n\t\t\t\t<\/div>\n\t\t\t\t\t<\/div>\n\t\t\t\t<\/div>\n\t\t\t\t<\/div>\n\t\t","protected":false},"excerpt":{"rendered":"<p>Vi K\u00f6per Dina Antikviteter H\u00e4r f\u00f6ljer en kort beskrivning p\u00e5 vilka f\u00f6rem\u00e5l vi efters\u00f6ker och \u00f6nskar k\u00f6pa till v\u00e5r verksamhet samt lite om hur det fungerar.\u00a0 Har du n\u00e5got att s\u00e4lja?\u00a0 Tveka inte skicka ett mail eller sms inneh\u00e5llande bild p\u00e5f\u00f6rem\u00e5let s\u00e5 svarar vi ofta samma dag. Antika M\u00f6bler fr\u00e5n 1700 och 1800 tal Vi [&hellip;]<\/p>\n","protected":false},"author":1,"featured_media":0,"parent":0,"menu_order":0,"comment_status":"closed","ping_status":"closed","template":"","meta":{"_acf_changed":false,"footnotes":""},"class_list":["post-42996","page","type-page","status-publish","hentry"],"acf":[],"yoast_head":"<!-- This site is optimized with the Yoast SEO plugin v27.4 - https:\/\/yoast.com\/product\/yoast-seo-wordpress\/ -->\n<title>Vi k\u00f6per - Fr\u00e5n\u00f6 Antik -sv<\/title>\n<meta name=\"robots\" content=\"index, follow, max-snippet:-1, max-image-preview:large, max-video-preview:-1\" \/>\n<link rel=\"canonical\" href=\"https:\/\/www.franoantik.com\/sv\/vi-koper\/\" \/>\n<meta property=\"og:locale\" content=\"sv_SE\" \/>\n<meta property=\"og:type\" content=\"article\" \/>\n<meta property=\"og:title\" content=\"Vi k\u00f6per - Fr\u00e5n\u00f6 Antik -sv\" \/>\n<meta property=\"og:description\" content=\"Vi K\u00f6per Dina Antikviteter H\u00e4r f\u00f6ljer en kort beskrivning p\u00e5 vilka f\u00f6rem\u00e5l vi efters\u00f6ker och \u00f6nskar k\u00f6pa till v\u00e5r verksamhet samt lite om hur det fungerar.\u00a0 Har du n\u00e5got att s\u00e4lja?\u00a0 Tveka inte skicka ett mail eller sms inneh\u00e5llande bild p\u00e5f\u00f6rem\u00e5let s\u00e5 svarar vi ofta samma dag. Antika M\u00f6bler fr\u00e5n 1700 och 1800 tal Vi [&hellip;]\" \/>\n<meta property=\"og:url\" content=\"https:\/\/www.franoantik.com\/sv\/vi-koper\/\" \/>\n<meta property=\"og:site_name\" content=\"Fr\u00e5n\u00f6 Antik -sv\" \/>\n<meta property=\"article:modified_time\" content=\"2023-10-09T13:45:50+00:00\" \/>\n<meta property=\"og:image\" content=\"https:\/\/sv.franoantik.com\/wp-content\/uploads\/sites\/3\/2020\/06\/2-4212-768x512.jpg\" \/>\n<meta name=\"twitter:card\" content=\"summary_large_image\" \/>\n<meta name=\"twitter:label1\" content=\"Ber\u00e4knad l\u00e4stid\" \/>\n\t<meta name=\"twitter:data1\" content=\"4 minuter\" \/>\n<script type=\"application\/ld+json\" class=\"yoast-schema-graph\">{\"@context\":\"https:\\\/\\\/schema.org\",\"@graph\":[{\"@type\":\"WebPage\",\"@id\":\"https:\\\/\\\/www.franoantik.com\\\/sv\\\/vi-koper\\\/\",\"url\":\"https:\\\/\\\/www.franoantik.com\\\/sv\\\/vi-koper\\\/\",\"name\":\"Vi k\u00f6per - Fr\u00e5n\u00f6 Antik -sv\",\"isPartOf\":{\"@id\":\"https:\\\/\\\/www.franoantik.com\\\/sv\\\/#website\"},\"primaryImageOfPage\":{\"@id\":\"https:\\\/\\\/www.franoantik.com\\\/sv\\\/vi-koper\\\/#primaryimage\"},\"image\":{\"@id\":\"https:\\\/\\\/www.franoantik.com\\\/sv\\\/vi-koper\\\/#primaryimage\"},\"thumbnailUrl\":\"https:\\\/\\\/sv.franoantik.com\\\/wp-content\\\/uploads\\\/sites\\\/3\\\/2020\\\/06\\\/2-4212-768x512.jpg\",\"datePublished\":\"2023-10-09T12:41:34+00:00\",\"dateModified\":\"2023-10-09T13:45:50+00:00\",\"breadcrumb\":{\"@id\":\"https:\\\/\\\/www.franoantik.com\\\/sv\\\/vi-koper\\\/#breadcrumb\"},\"inLanguage\":\"sv-SE\",\"potentialAction\":[{\"@type\":\"ReadAction\",\"target\":[\"https:\\\/\\\/www.franoantik.com\\\/sv\\\/vi-koper\\\/\"]}]},{\"@type\":\"ImageObject\",\"inLanguage\":\"sv-SE\",\"@id\":\"https:\\\/\\\/www.franoantik.com\\\/sv\\\/vi-koper\\\/#primaryimage\",\"url\":\"https:\\\/\\\/sv.franoantik.com\\\/wp-content\\\/uploads\\\/sites\\\/3\\\/2020\\\/06\\\/2-4212-768x512.jpg\",\"contentUrl\":\"https:\\\/\\\/sv.franoantik.com\\\/wp-content\\\/uploads\\\/sites\\\/3\\\/2020\\\/06\\\/2-4212-768x512.jpg\"},{\"@type\":\"BreadcrumbList\",\"@id\":\"https:\\\/\\\/www.franoantik.com\\\/sv\\\/vi-koper\\\/#breadcrumb\",\"itemListElement\":[{\"@type\":\"ListItem\",\"position\":1,\"name\":\"Home\",\"item\":\"https:\\\/\\\/www.franoantik.com\\\/sv\\\/\"},{\"@type\":\"ListItem\",\"position\":2,\"name\":\"Vi k\u00f6per\"}]},{\"@type\":\"WebSite\",\"@id\":\"https:\\\/\\\/www.franoantik.com\\\/sv\\\/#website\",\"url\":\"https:\\\/\\\/www.franoantik.com\\\/sv\\\/\",\"name\":\"Fr\u00e5n\u00f6 Antik -sv\",\"description\":\"\",\"publisher\":{\"@id\":\"https:\\\/\\\/www.franoantik.com\\\/sv\\\/#organization\"},\"potentialAction\":[{\"@type\":\"SearchAction\",\"target\":{\"@type\":\"EntryPoint\",\"urlTemplate\":\"https:\\\/\\\/www.franoantik.com\\\/sv\\\/?s={search_term_string}\"},\"query-input\":{\"@type\":\"PropertyValueSpecification\",\"valueRequired\":true,\"valueName\":\"search_term_string\"}}],\"inLanguage\":\"sv-SE\"},{\"@type\":\"Organization\",\"@id\":\"https:\\\/\\\/www.franoantik.com\\\/sv\\\/#organization\",\"name\":\"Fr\u00e5n\u00f6 Antik -sv\",\"url\":\"https:\\\/\\\/www.franoantik.com\\\/sv\\\/\",\"logo\":{\"@type\":\"ImageObject\",\"inLanguage\":\"sv-SE\",\"@id\":\"https:\\\/\\\/www.franoantik.com\\\/sv\\\/#\\\/schema\\\/logo\\\/image\\\/\",\"url\":\"https:\\\/\\\/www.franoantik.com\\\/sv\\\/wp-content\\\/uploads\\\/sites\\\/3\\\/2023\\\/10\\\/Logo.png\",\"contentUrl\":\"https:\\\/\\\/www.franoantik.com\\\/sv\\\/wp-content\\\/uploads\\\/sites\\\/3\\\/2023\\\/10\\\/Logo.png\",\"width\":500,\"height\":500,\"caption\":\"Fr\u00e5n\u00f6 Antik -sv\"},\"image\":{\"@id\":\"https:\\\/\\\/www.franoantik.com\\\/sv\\\/#\\\/schema\\\/logo\\\/image\\\/\"}}]}<\/script>\n<!-- \/ Yoast SEO plugin. -->","yoast_head_json":{"title":"Vi k\u00f6per - Fr\u00e5n\u00f6 Antik -sv","robots":{"index":"index","follow":"follow","max-snippet":"max-snippet:-1","max-image-preview":"max-image-preview:large","max-video-preview":"max-video-preview:-1"},"canonical":"https:\/\/www.franoantik.com\/sv\/vi-koper\/","og_locale":"sv_SE","og_type":"article","og_title":"Vi k\u00f6per - Fr\u00e5n\u00f6 Antik -sv","og_description":"Vi K\u00f6per Dina Antikviteter H\u00e4r f\u00f6ljer en kort beskrivning p\u00e5 vilka f\u00f6rem\u00e5l vi efters\u00f6ker och \u00f6nskar k\u00f6pa till v\u00e5r verksamhet samt lite om hur det fungerar.\u00a0 Har du n\u00e5got att s\u00e4lja?\u00a0 Tveka inte skicka ett mail eller sms inneh\u00e5llande bild p\u00e5f\u00f6rem\u00e5let s\u00e5 svarar vi ofta samma dag. Antika M\u00f6bler fr\u00e5n 1700 och 1800 tal Vi [&hellip;]","og_url":"https:\/\/www.franoantik.com\/sv\/vi-koper\/","og_site_name":"Fr\u00e5n\u00f6 Antik -sv","article_modified_time":"2023-10-09T13:45:50+00:00","og_image":[{"url":"https:\/\/sv.franoantik.com\/wp-content\/uploads\/sites\/3\/2020\/06\/2-4212-768x512.jpg","type":"","width":"","height":""}],"twitter_card":"summary_large_image","twitter_misc":{"Ber\u00e4knad l\u00e4stid":"4 minuter"},"schema":{"@context":"https:\/\/schema.org","@graph":[{"@type":"WebPage","@id":"https:\/\/www.franoantik.com\/sv\/vi-koper\/","url":"https:\/\/www.franoantik.com\/sv\/vi-koper\/","name":"Vi k\u00f6per - Fr\u00e5n\u00f6 Antik -sv","isPartOf":{"@id":"https:\/\/www.franoantik.com\/sv\/#website"},"primaryImageOfPage":{"@id":"https:\/\/www.franoantik.com\/sv\/vi-koper\/#primaryimage"},"image":{"@id":"https:\/\/www.franoantik.com\/sv\/vi-koper\/#primaryimage"},"thumbnailUrl":"https:\/\/sv.franoantik.com\/wp-content\/uploads\/sites\/3\/2020\/06\/2-4212-768x512.jpg","datePublished":"2023-10-09T12:41:34+00:00","dateModified":"2023-10-09T13:45:50+00:00","breadcrumb":{"@id":"https:\/\/www.franoantik.com\/sv\/vi-koper\/#breadcrumb"},"inLanguage":"sv-SE","potentialAction":[{"@type":"ReadAction","target":["https:\/\/www.franoantik.com\/sv\/vi-koper\/"]}]},{"@type":"ImageObject","inLanguage":"sv-SE","@id":"https:\/\/www.franoantik.com\/sv\/vi-koper\/#primaryimage","url":"https:\/\/sv.franoantik.com\/wp-content\/uploads\/sites\/3\/2020\/06\/2-4212-768x512.jpg","contentUrl":"https:\/\/sv.franoantik.com\/wp-content\/uploads\/sites\/3\/2020\/06\/2-4212-768x512.jpg"},{"@type":"BreadcrumbList","@id":"https:\/\/www.franoantik.com\/sv\/vi-koper\/#breadcrumb","itemListElement":[{"@type":"ListItem","position":1,"name":"Home","item":"https:\/\/www.franoantik.com\/sv\/"},{"@type":"ListItem","position":2,"name":"Vi k\u00f6per"}]},{"@type":"WebSite","@id":"https:\/\/www.franoantik.com\/sv\/#website","url":"https:\/\/www.franoantik.com\/sv\/","name":"Fr\u00e5n\u00f6 Antik -sv","description":"","publisher":{"@id":"https:\/\/www.franoantik.com\/sv\/#organization"},"potentialAction":[{"@type":"SearchAction","target":{"@type":"EntryPoint","urlTemplate":"https:\/\/www.franoantik.com\/sv\/?s={search_term_string}"},"query-input":{"@type":"PropertyValueSpecification","valueRequired":true,"valueName":"search_term_string"}}],"inLanguage":"sv-SE"},{"@type":"Organization","@id":"https:\/\/www.franoantik.com\/sv\/#organization","name":"Fr\u00e5n\u00f6 Antik -sv","url":"https:\/\/www.franoantik.com\/sv\/","logo":{"@type":"ImageObject","inLanguage":"sv-SE","@id":"https:\/\/www.franoantik.com\/sv\/#\/schema\/logo\/image\/","url":"https:\/\/www.franoantik.com\/sv\/wp-content\/uploads\/sites\/3\/2023\/10\/Logo.png","contentUrl":"https:\/\/www.franoantik.com\/sv\/wp-content\/uploads\/sites\/3\/2023\/10\/Logo.png","width":500,"height":500,"caption":"Fr\u00e5n\u00f6 Antik -sv"},"image":{"@id":"https:\/\/www.franoantik.com\/sv\/#\/schema\/logo\/image\/"}}]}},"_links":{"self":[{"href":"https:\/\/www.franoantik.com\/sv\/wp-json\/wp\/v2\/pages\/42996","targetHints":{"allow":["GET"]}}],"collection":[{"href":"https:\/\/www.franoantik.com\/sv\/wp-json\/wp\/v2\/pages"}],"about":[{"href":"https:\/\/www.franoantik.com\/sv\/wp-json\/wp\/v2\/types\/page"}],"author":[{"embeddable":true,"href":"https:\/\/www.franoantik.com\/sv\/wp-json\/wp\/v2\/users\/1"}],"replies":[{"embeddable":true,"href":"https:\/\/www.franoantik.com\/sv\/wp-json\/wp\/v2\/comments?post=42996"}],"version-history":[{"count":10,"href":"https:\/\/www.franoantik.com\/sv\/wp-json\/wp\/v2\/pages\/42996\/revisions"}],"predecessor-version":[{"id":43084,"href":"https:\/\/www.franoantik.com\/sv\/wp-json\/wp\/v2\/pages\/42996\/revisions\/43084"}],"wp:attachment":[{"href":"https:\/\/www.franoantik.com\/sv\/wp-json\/wp\/v2\/media?parent=42996"}],"curies":[{"name":"wp","href":"https:\/\/api.w.org\/{rel}","templated":true}]}}